{"id":32669,"date":"2024-07-04T14:30:11","date_gmt":"2024-07-04T11:30:11","guid":{"rendered":"https:\/\/felistella.eu\/?post_type=about-us&#038;p=32669"},"modified":"2024-07-04T14:43:15","modified_gmt":"2024-07-04T11:43:15","slug":"2010","status":"publish","type":"about-us","link":"https:\/\/felistella.eu\/lv\/about-us\/2010\/","title":{"rendered":"2010"},"content":{"rendered":"<p><strong>Laista klaj\u0101 pirm\u0101 pastkar\u0161u s\u0113rija ar Tallinas skatiem. T\u0101 s\u0101k\u0101s m\u016bsu darbs.<\/strong><\/p>\n<p>Esam igau\u0146u uz\u0146\u0113mums ar m\u012btnes vietu Igaunij\u0101. 2011.\u00a0gad\u0101 Tallina bija Eiropas kult\u016bras galvaspils\u0113ta. T\u0101p\u0113c m\u0113s, iem\u012bl\u0113ju\u0161ies sav\u0101 dzimtaj\u0101 pils\u0113t\u0101 un iedvesmoju\u0161ies no t\u0101s skaistuma un v\u0113stures, piev\u0113rs\u0101mies t\u016brisma ce\u013cve\u017eu, k\u0101 ar\u012b kalend\u0101ru, piez\u012bmju bloku un pastkar\u0161u ar Tallinas skatiem izdo\u0161anai.<\/p>\n<p>Reiz pabiju\u0161i br\u012bni\u0161\u0137\u012bgaj\u0101 Baltijas pils\u0113t\u0101 R\u012bg\u0101, kur \u012bpa\u0161i skaista ir vecpils\u0113ta ar t\u0101s neaizmirstamo arhitekt\u016bru, v\u0113l\u0113j\u0101mies \u0161\u012bs unik\u0101l\u0101s pils\u0113tas skaistumu atspogu\u013cot pastkart\u0113s. T\u0101 tika laista klaj\u0101 pirm\u0101 pastkar\u0161u s\u0113rija ar R\u012bgas skatiem.<\/p>\n","protected":false},"featured_media":0,"template":"","class_list":["post-32669","about-us","type-about-us","status-publish","hentry"],"acf":[],"yoast_head":"<!-- This site is optimized with the Yoast SEO plugin v27.4 - https:\/\/yoast.com\/product\/yoast-seo-wordpress\/ -->\n<title>2010 - Kirjastus Felistella<\/title>\n<meta name=\"robots\" content=\"index, follow, max-snippet:-1, max-image-preview:large, max-video-preview:-1\" \/>\n<link rel=\"canonical\" href=\"https:\/\/felistella.eu\/lv\/about-us\/2010\/\" \/>\n<meta property=\"og:locale\" content=\"lv_LV\" \/>\n<meta property=\"og:type\" content=\"article\" \/>\n<meta property=\"og:title\" content=\"2010 - Kirjastus Felistella\" \/>\n<meta property=\"og:description\" content=\"Laista klaj\u0101 pirm\u0101 pastkar\u0161u s\u0113rija ar Tallinas skatiem. T\u0101 s\u0101k\u0101s m\u016bsu darbs. Esam igau\u0146u uz\u0146\u0113mums ar m\u012btnes vietu Igaunij\u0101. 2011.\u00a0gad\u0101 Tallina bija Eiropas kult\u016bras galvaspils\u0113ta. T\u0101p\u0113c m\u0113s, iem\u012bl\u0113ju\u0161ies sav\u0101 dzimtaj\u0101 pils\u0113t\u0101 un iedvesmoju\u0161ies no t\u0101s skaistuma un v\u0113stures, piev\u0113rs\u0101mies t\u016brisma ce\u013cve\u017eu, k\u0101 ar\u012b kalend\u0101ru, piez\u012bmju bloku un pastkar\u0161u ar Tallinas skatiem izdo\u0161anai. Reiz pabiju\u0161i br\u012bni\u0161\u0137\u012bgaj\u0101 [&hellip;]\" \/>\n<meta property=\"og:url\" content=\"https:\/\/felistella.eu\/lv\/about-us\/2010\/\" \/>\n<meta property=\"og:site_name\" content=\"Kirjastus Felistella\" \/>\n<meta property=\"article:modified_time\" content=\"2024-07-04T11:43:15+00:00\" \/>\n<meta name=\"twitter:card\" content=\"summary_large_image\" \/>\n<meta name=\"twitter:label1\" content=\"Est. reading time\" \/>\n\t<meta name=\"twitter:data1\" content=\"1 minute\" \/>\n<script type=\"application\/ld+json\" class=\"yoast-schema-graph\">{\"@context\":\"https:\\\/\\\/schema.org\",\"@graph\":[{\"@type\":\"WebPage\",\"@id\":\"https:\\\/\\\/felistella.eu\\\/lv\\\/about-us\\\/2010\\\/\",\"url\":\"https:\\\/\\\/felistella.eu\\\/lv\\\/about-us\\\/2010\\\/\",\"name\":\"2010 - Kirjastus Felistella\",\"isPartOf\":{\"@id\":\"https:\\\/\\\/felistella.eu\\\/lv\\\/#website\"},\"datePublished\":\"2024-07-04T11:30:11+00:00\",\"dateModified\":\"2024-07-04T11:43:15+00:00\",\"breadcrumb\":{\"@id\":\"https:\\\/\\\/felistella.eu\\\/lv\\\/about-us\\\/2010\\\/#breadcrumb\"},\"inLanguage\":\"lv-LV\",\"potentialAction\":[{\"@type\":\"ReadAction\",\"target\":[\"https:\\\/\\\/felistella.eu\\\/lv\\\/about-us\\\/2010\\\/\"]}]},{\"@type\":\"BreadcrumbList\",\"@id\":\"https:\\\/\\\/felistella.eu\\\/lv\\\/about-us\\\/2010\\\/#breadcrumb\",\"itemListElement\":[{\"@type\":\"ListItem\",\"position\":1,\"name\":\"Avaleht\",\"item\":\"https:\\\/\\\/felistella.eu\\\/lv\\\/\"},{\"@type\":\"ListItem\",\"position\":2,\"name\":\"2010\"}]},{\"@type\":\"WebSite\",\"@id\":\"https:\\\/\\\/felistella.eu\\\/lv\\\/#website\",\"url\":\"https:\\\/\\\/felistella.eu\\\/lv\\\/\",\"name\":\"Kirjastus Felistella\",\"description\":\"e-pood\",\"potentialAction\":[{\"@type\":\"SearchAction\",\"target\":{\"@type\":\"EntryPoint\",\"urlTemplate\":\"https:\\\/\\\/felistella.eu\\\/lv\\\/?s={search_term_string}\"},\"query-input\":{\"@type\":\"PropertyValueSpecification\",\"valueRequired\":true,\"valueName\":\"search_term_string\"}}],\"inLanguage\":\"lv-LV\"}]}<\/script>\n<!-- \/ Yoast SEO plugin. -->","yoast_head_json":{"title":"2010 - Kirjastus Felistella","robots":{"index":"index","follow":"follow","max-snippet":"max-snippet:-1","max-image-preview":"max-image-preview:large","max-video-preview":"max-video-preview:-1"},"canonical":"https:\/\/felistella.eu\/lv\/about-us\/2010\/","og_locale":"lv_LV","og_type":"article","og_title":"2010 - Kirjastus Felistella","og_description":"Laista klaj\u0101 pirm\u0101 pastkar\u0161u s\u0113rija ar Tallinas skatiem. T\u0101 s\u0101k\u0101s m\u016bsu darbs. Esam igau\u0146u uz\u0146\u0113mums ar m\u012btnes vietu Igaunij\u0101. 2011.\u00a0gad\u0101 Tallina bija Eiropas kult\u016bras galvaspils\u0113ta. T\u0101p\u0113c m\u0113s, iem\u012bl\u0113ju\u0161ies sav\u0101 dzimtaj\u0101 pils\u0113t\u0101 un iedvesmoju\u0161ies no t\u0101s skaistuma un v\u0113stures, piev\u0113rs\u0101mies t\u016brisma ce\u013cve\u017eu, k\u0101 ar\u012b kalend\u0101ru, piez\u012bmju bloku un pastkar\u0161u ar Tallinas skatiem izdo\u0161anai. Reiz pabiju\u0161i br\u012bni\u0161\u0137\u012bgaj\u0101 [&hellip;]","og_url":"https:\/\/felistella.eu\/lv\/about-us\/2010\/","og_site_name":"Kirjastus Felistella","article_modified_time":"2024-07-04T11:43:15+00:00","twitter_card":"summary_large_image","twitter_misc":{"Est. reading time":"1 minute"},"schema":{"@context":"https:\/\/schema.org","@graph":[{"@type":"WebPage","@id":"https:\/\/felistella.eu\/lv\/about-us\/2010\/","url":"https:\/\/felistella.eu\/lv\/about-us\/2010\/","name":"2010 - Kirjastus Felistella","isPartOf":{"@id":"https:\/\/felistella.eu\/lv\/#website"},"datePublished":"2024-07-04T11:30:11+00:00","dateModified":"2024-07-04T11:43:15+00:00","breadcrumb":{"@id":"https:\/\/felistella.eu\/lv\/about-us\/2010\/#breadcrumb"},"inLanguage":"lv-LV","potentialAction":[{"@type":"ReadAction","target":["https:\/\/felistella.eu\/lv\/about-us\/2010\/"]}]},{"@type":"BreadcrumbList","@id":"https:\/\/felistella.eu\/lv\/about-us\/2010\/#breadcrumb","itemListElement":[{"@type":"ListItem","position":1,"name":"Avaleht","item":"https:\/\/felistella.eu\/lv\/"},{"@type":"ListItem","position":2,"name":"2010"}]},{"@type":"WebSite","@id":"https:\/\/felistella.eu\/lv\/#website","url":"https:\/\/felistella.eu\/lv\/","name":"Kirjastus Felistella","description":"e-pood","potentialAction":[{"@type":"SearchAction","target":{"@type":"EntryPoint","urlTemplate":"https:\/\/felistella.eu\/lv\/?s={search_term_string}"},"query-input":{"@type":"PropertyValueSpecification","valueRequired":true,"valueName":"search_term_string"}}],"inLanguage":"lv-LV"}]}},"_links":{"self":[{"href":"https:\/\/felistella.eu\/lv\/wp-json\/wp\/v2\/about-us\/32669","targetHints":{"allow":["GET"]}}],"collection":[{"href":"https:\/\/felistella.eu\/lv\/wp-json\/wp\/v2\/about-us"}],"about":[{"href":"https:\/\/felistella.eu\/lv\/wp-json\/wp\/v2\/types\/about-us"}],"wp:attachment":[{"href":"https:\/\/felistella.eu\/lv\/wp-json\/wp\/v2\/media?parent=32669"}],"curies":[{"name":"wp","href":"https:\/\/api.w.org\/{rel}","templated":true}]}}